{"id":9391,"date":"2020-03-26T13:21:08","date_gmt":"2020-03-26T09:22:52","guid":{"rendered":"https:\/\/www.miravila.com\/product\/jar-smooth-natural\/"},"modified":"2023-02-18T16:42:06","modified_gmt":"2023-02-18T15:42:06","slug":"jar-smooth-natural","status":"publish","type":"product","link":"https:\/\/www.miravila.com\/it\/jar-smooth-natural\/","title":{"rendered":"Vaso Jar Smooth in bianco per interni"},"content":{"rendered":"<div class=\"row\"  id=\"row-2099022786\">\n\n\t<div id=\"col-1269940935\" class=\"col medium-8 small-12 large-8\"  >\n\t\t\t\t<div class=\"col-inner\"  >\n\t\t\t\n\t\t\t\n<div class=\"accordion\">\n\t<div id=\"accordion-438527635\" class=\"accordion-item\">\n\t\t<a id=\"accordion-438527635-label\" class=\"accordion-title plain active\" href=\"#accordion-item-descrizione\" aria-expanded=\"true\" aria-controls=\"accordion-438527635-content\">\n\t\t\t<button class=\"toggle\" aria-label=\"Attiva\/Disattiva\"><i class=\"icon-angle-down\" aria-hidden=\"true\"><\/i><\/button>\n\t\t\t<span>DESCRIZIONE<\/span>\n\t\t<\/a>\n\t\t<div id=\"accordion-438527635-content\" class=\"accordion-inner\" style=\"display: block;\" aria-labelledby=\"accordion-438527635-label\">\n\t\t\t\n<p>Questa elegante fioriera in pietra di color crema \u00e8 disponibile in tre dimensioni (grandi, media e piccola) \u00e8 pu\u00f2 essere anche disposto come vaso decorativo. La sua forma ovale e con cerchio finale stretto, offre un semplice ma bel aspetto dell&#8217;esterno.<\/p>\n<p>Le fioriere hanno eccellenti propriet\u00e0 igieniche, per l&#8217;assenza di piccole crepe e pori nel corpo della pietra. Il materiale, di cui sono fatte queste fioriere, sono resistenti ai fattori ambientali aggressivi, acidi e alcalini, umidit\u00e0 e radiazioni ultraviolette.<\/p>\n<p>Polystone<\/p>\n<p>la pietra artificiale che unisce al meglio i vantaggi della pietra naturale, data dalla natura stessa, come ad esempio la bellezza, la grazia e la durezza, e le conquiste della scienza moderna, migliorando le sue prestazioni. Il Polystone \u00e8 un materiale che \u00e8 ampiamente usato nella produzione di vari oggetti per l&#8217;arredo della casa, l&#8217;ufficio e gli spazi pubblici.<\/p>\n\t\t<\/div>\n\t<\/div>\n\t\n\t<div id=\"accordion-2868725178\" class=\"accordion-item\">\n\t\t<a id=\"accordion-2868725178-label\" class=\"accordion-title plain\" href=\"#accordion-item-materiale\" aria-expanded=\"false\" aria-controls=\"accordion-2868725178-content\">\n\t\t\t<button class=\"toggle\" aria-label=\"Attiva\/Disattiva\"><i class=\"icon-angle-down\" aria-hidden=\"true\"><\/i><\/button>\n\t\t\t<span>MATERIALE<\/span>\n\t\t<\/a>\n\t\t<div id=\"accordion-2868725178-content\" class=\"accordion-inner\" aria-labelledby=\"accordion-2868725178-label\">\n\t\t\t\n<p>RESINA<\/p>\n<p>La vetroresina \u00e8 uno dei migliori materiali che si possono utilizzare per gli oggetti da arredamento da interni e da esterni. Si tratta infatti di un materiale caratterizzato da un\u2019alta resistenza alle varie condizioni meteorologiche: pu\u00f2 resistere alla pioggia, ai raggi UV, al ghiaccio, alle alte e alle basse temperature, senza subire danni o alterazioni.<\/p>\n<p>Inoltre \u00e8 un materiale caratterizzato da un basso peso: questo permette di creare oggetti in vetroresina, anche di grandi dimensioni, che risultano per\u00f2 facilmente trasportabili anche da soggetti non dotati di una particolare forza fisica.<\/p>\n<p>La vetroresina \u00e8 disponibile poi in un\u2019ampia gamma di colori: in questo modo diventa pi\u00f9 semplice trovare il colore che pi\u00f9 si adatta al proprio arredamento o semplicemente al proprio gusto personale, potendo scegliere anche tinte particolari, moderne e fuori dai classici schemi.<\/p>\n<p>La resistenza, la versatilit\u00e0 e la leggerezza della vetroresina la rendono particolarmente adatta all\u2019utilizzo per oggetti e complementi di arredo per l\u2019esterno belli da vedere e destinati a durare nel tempo.<\/p>\n\t\t<\/div>\n\t<\/div>\n\t\n\t<div id=\"accordion-1706924318\" class=\"accordion-item\">\n\t\t<a id=\"accordion-1706924318-label\" class=\"accordion-title plain\" href=\"#accordion-item-faq\" aria-expanded=\"false\" aria-controls=\"accordion-1706924318-content\">\n\t\t\t<button class=\"toggle\" aria-label=\"Attiva\/Disattiva\"><i class=\"icon-angle-down\" aria-hidden=\"true\"><\/i><\/button>\n\t\t\t<span>FAQ<\/span>\n\t\t<\/a>\n\t\t<div id=\"accordion-1706924318-content\" class=\"accordion-inner\" aria-labelledby=\"accordion-1706924318-label\">\n\t\t\t\n<ol>\r\n<li><strong>Posso vedere le fioriere in qualche showroom o negozio in Italia?<br \/><\/strong><span style=\"color: #555555;\">No, Miravila vende solo online.<\/span><\/li>\r\n<li><strong>Quanto tempo ci vuole per la spedizione?<br \/><\/strong><span style=\"color: #555555;\">Se il prodotto \u00e8 in magazzino, sono necessari 3-5 giorni dopo la ricezione del pagamento.<\/span><\/li>\r\n<li><strong>Chi paga i costi di consegna?<br \/><\/strong><span style=\"color: #555555;\">La consegna \u00e8 gratuita per ogni acquisto.<\/span><\/li>\r\n<li><strong>Posso effettuare un reso?<br \/><\/strong><span style=\"color: #555555;\">S\u00ec \u00e8 possibile restituire un oggetto ordinato entro 30 giorni dall\u2019ordine, come previsto dalle condizioni di vendita. Le spese di trasporto per il reso saranno a tuo carico.<\/span><\/li>\r\n<li><strong>La procedura di acquisto online \u00e8 sicura?<br \/><\/strong><span style=\"color: #555555;\">S\u00ec, \u00e8 assolutamente sicura.<\/span><\/li>\r\n<li><strong>Come posso ottenere la restituzione della somma pagata in caso di reso?<br \/><\/strong><span style=\"color: #555555;\">Restituiremo la somma sulla tua carta di credito entro 15 giorni dal ricevimento del reso al nostro indirizzo.<\/span><\/li>\r\n<li><strong>Le fioriere hanno un sistema di auto irrigazione incluso?<br \/><\/strong><span style=\"color: #555555;\">No, le fioriere Miravila non hanno un sistema di auto irrigazione incluso.<\/span><\/li>\r\n<li><strong>Con quali materiali sono prodotte le fioriere?<br \/><\/strong><span style=\"color: #555555;\">Generalmente le fioriere Miravila sono prodotte in vetroresina, ceramica o materiali naturali.<\/span><\/li>\r\n<li><strong>Quali fioriere sono indicate per l\u2019esterno?<br \/><\/strong><span style=\"color: #555555;\">Noi suggeriamo le fioriere in vetroresina e ceramica.<\/span><\/li>\r\n<li><strong>Quali metodi di pagamento accettate?<br \/><\/strong><span style=\"color: #555555;\">Puoi pagare con carte di credito come Visa e Mastercard e attraverso PayPal<\/span><\/li>\r\n<\/ol>\n\t\t<\/div>\n\t<\/div>\n\t\n\t<div id=\"accordion-4265053691\" class=\"accordion-item\">\n\t\t<a id=\"accordion-4265053691-label\" class=\"accordion-title plain\" href=\"#accordion-item-spedizione\" aria-expanded=\"false\" aria-controls=\"accordion-4265053691-content\">\n\t\t\t<button class=\"toggle\" aria-label=\"Attiva\/Disattiva\"><i class=\"icon-angle-down\" aria-hidden=\"true\"><\/i><\/button>\n\t\t\t<span>SPEDIZIONE<\/span>\n\t\t<\/a>\n\t\t<div id=\"accordion-4265053691-content\" class=\"accordion-inner\" aria-labelledby=\"accordion-4265053691-label\">\n\t\t\t\n<p>La spedizione \u00e8 gratuita per tutta Italia, a eccezione della Sardegna. Per la Sardegna scriveteci una mail prima di effettuare l\u2019ordine.<\/p>\r\n<p>La consegna sar\u00e0 effettuata con il corriere Bartolini BRT all\u2019entrata dell\u2019edificio o a piano strada e non comprendere il costo della consegna al piano.<\/p>\r\n<p>Se l\u2019articolo ordinato \u00e8 in magazzino normalmente spediamo l\u2019ordine in 2-3 giorni. Ma questo non \u00e8 assicurato al 100%, abbiamo la possibilit\u00e0 di ritardare la spedizione.<\/p>\r\n<p>Alla ricezione della spedizione ti consigliamo di controllare lo stato dell\u2019imballaggio, per verificare che sia integro prima di firmare il documento di consegna al corriere BRT. Se noti che l\u2019imballaggio \u00e8 rotto o danneggiato inoltra un reclamo scritto direttamente al corriere, in modo che ne prenda nota sul documento di consegna.<\/p>\n\t\t<\/div>\n\t<\/div>\n\t\n<\/div>\n\t\t<\/div>\n\t\t\t\t\t<\/div>\n\n\t\n\n\t<div id=\"col-1636735710\" class=\"col medium-4 small-12 large-4\"  >\n\t\t\t\t<div class=\"col-inner\"  >\n\t\t\t\n\t\t\t <div class=\"row ikone\"  id=\"row-2082368237\">\r\n\r\n\n\t<div id=\"col-249573030\" class=\"col medium-6 small-6 large-6\"  >\n\t\t\t\t<div class=\"col-inner\"  >\n\t\t\t\n\t\t\t\r\n\r\n\n\t\t<div class=\"icon-box featured-box icon-box-left text-left is-small\"  >\n\t\t\t\t\t<div class=\"icon-box-img\" style=\"width: 60px\">\n\t\t\t\t<div class=\"icon\">\n\t\t\t\t\t<div class=\"icon-inner\" >\n\t\t\t\t\t\t<img loading=\"lazy\" decoding=\"async\" width=\"100\" height=\"100\" src=\"https:\/\/www.miravila.com\/wp-content\/uploads\/2020\/02\/lightweight-icon.png\" class=\"attachment-medium size-medium\" alt=\"lightweight-icon\" title=\"\">\t\t\t\t\t<\/div>\n\t\t\t\t<\/div>\n\t\t\t<\/div>\n\t\t\t\t<div class=\"icon-box-text last-reset\">\n\t\t\t\t\t\t<h6>Leggero<\/h6>\t\t\t\r\n\r\n\r\n\t\t<\/div>\n\t<\/div>\n\t\n\t\r\n\n\t\t<div class=\"icon-box featured-box icon-box-left text-left is-small\"  >\n\t\t\t\t\t<div class=\"icon-box-img\" style=\"width: 60px\">\n\t\t\t\t<div class=\"icon\">\n\t\t\t\t\t<div class=\"icon-inner\" >\n\t\t\t\t\t\t<img loading=\"lazy\" decoding=\"async\" width=\"100\" height=\"100\" src=\"https:\/\/www.miravila.com\/wp-content\/uploads\/2020\/02\/easy-to-clean-icon.png\" class=\"attachment-medium size-medium\" alt=\"easy-to-clean-icon\" title=\"\">\t\t\t\t\t<\/div>\n\t\t\t\t<\/div>\n\t\t\t<\/div>\n\t\t\t\t<div class=\"icon-box-text last-reset\">\n\t\t\t\t\t\t<h6>Facile da pulire<\/h6>\t\t\t\r\n\r\n\r\n\t\t<\/div>\n\t<\/div>\n\t\n\t\r\n\n\t\t<div class=\"icon-box featured-box icon-box-left text-left is-small\"  >\n\t\t\t\t\t<div class=\"icon-box-img\" style=\"width: 60px\">\n\t\t\t\t<div class=\"icon\">\n\t\t\t\t\t<div class=\"icon-inner\" >\n\t\t\t\t\t\t<img loading=\"lazy\" decoding=\"async\" width=\"100\" height=\"100\" src=\"https:\/\/www.miravila.com\/wp-content\/uploads\/2020\/02\/drill-hole-icon.png\" class=\"attachment-medium size-medium\" alt=\"drill-hole-icon\" title=\"\">\t\t\t\t\t<\/div>\n\t\t\t\t<\/div>\n\t\t\t<\/div>\n\t\t\t\t<div class=\"icon-box-text last-reset\">\n\t\t\t\t\t\t<h6>Foro per il trapano<\/h6>\t\t\t\r\n\r\n\r\n\t\t<\/div>\n\t<\/div>\n\t\n\t\r\n\n\t\t<div class=\"icon-box featured-box icon-box-left text-left is-small\"  >\n\t\t\t\t\t<div class=\"icon-box-img\" style=\"width: 60px\">\n\t\t\t\t<div class=\"icon\">\n\t\t\t\t\t<div class=\"icon-inner\" >\n\t\t\t\t\t\t<img loading=\"lazy\" decoding=\"async\" width=\"100\" height=\"100\" src=\"https:\/\/www.miravila.com\/wp-content\/uploads\/2020\/02\/in-out-icon.png\" class=\"attachment-medium size-medium\" alt=\"in-out-icon\" title=\"\">\t\t\t\t\t<\/div>\n\t\t\t\t<\/div>\n\t\t\t<\/div>\n\t\t\t\t<div class=\"icon-box-text last-reset\">\n\t\t\t\t\t\t<h6>Per interno ed esterno<\/h6>\t\t\t\r\n\r\n\r\n\t\t<\/div>\n\t<\/div>\n\t\n\t\r\n\r\n\t\t<\/div>\n\t\t\t\t\t<\/div>\n\n\t\r\n\n\t<div id=\"col-267544734\" class=\"col medium-6 small-6 large-6\"  >\n\t\t\t\t<div class=\"col-inner\"  >\n\t\t\t\n\t\t\t\r\n\r\n\n\t\t<div class=\"icon-box featured-box icon-box-left text-left is-small\"  >\n\t\t\t\t\t<div class=\"icon-box-img\" style=\"width: 60px\">\n\t\t\t\t<div class=\"icon\">\n\t\t\t\t\t<div class=\"icon-inner\" >\n\t\t\t\t\t\t<img loading=\"lazy\" decoding=\"async\" width=\"100\" height=\"100\" src=\"https:\/\/www.miravila.com\/wp-content\/uploads\/2020\/02\/frost-resistance-icon.png\" class=\"attachment-medium size-medium\" alt=\"frost-resistance-icon\" title=\"\">\t\t\t\t\t<\/div>\n\t\t\t\t<\/div>\n\t\t\t<\/div>\n\t\t\t\t<div class=\"icon-box-text last-reset\">\n\t\t\t\t\t\t<h6>Resistente al freddo<\/h6>\t\t\t\r\n\r\n\r\n\t\t<\/div>\n\t<\/div>\n\t\n\t\r\n\n\t\t<div class=\"icon-box featured-box icon-box-left text-left is-small\"  >\n\t\t\t\t\t<div class=\"icon-box-img\" style=\"width: 60px\">\n\t\t\t\t<div class=\"icon\">\n\t\t\t\t\t<div class=\"icon-inner\" >\n\t\t\t\t\t\t<img loading=\"lazy\" decoding=\"async\" width=\"100\" height=\"100\" src=\"https:\/\/www.miravila.com\/wp-content\/uploads\/2020\/02\/all-weather-icon.png\" class=\"attachment-medium size-medium\" alt=\"all-weather-icon\" title=\"\">\t\t\t\t\t<\/div>\n\t\t\t\t<\/div>\n\t\t\t<\/div>\n\t\t\t\t<div class=\"icon-box-text last-reset\">\n\t\t\t\t\t\t<h6>Resistente a neve e sole<\/h6>\t\t\t\r\n\r\n\r\n\t\t<\/div>\n\t<\/div>\n\t\n\t\r\n\n\t\t<div class=\"icon-box featured-box icon-box-left text-left is-small\"  >\n\t\t\t\t\t<div class=\"icon-box-img\" style=\"width: 60px\">\n\t\t\t\t<div class=\"icon\">\n\t\t\t\t\t<div class=\"icon-inner\" >\n\t\t\t\t\t\t<img loading=\"lazy\" decoding=\"async\" width=\"100\" height=\"100\" src=\"https:\/\/www.miravila.com\/wp-content\/uploads\/2020\/02\/hand-made-icon.png\" class=\"attachment-medium size-medium\" alt=\"hand-made-icon\" title=\"\">\t\t\t\t\t<\/div>\n\t\t\t\t<\/div>\n\t\t\t<\/div>\n\t\t\t\t<div class=\"icon-box-text last-reset\">\n\t\t\t\t\t\t<h6>Fatto a mano<\/h6>\t\t\t\r\n\r\n\r\n\t\t<\/div>\n\t<\/div>\n\t\n\t\r\n\n\t\t<div class=\"icon-box featured-box icon-box-left text-left is-small\"  >\n\t\t\t\t\t<div class=\"icon-box-img\" style=\"width: 60px\">\n\t\t\t\t<div class=\"icon\">\n\t\t\t\t\t<div class=\"icon-inner\" >\n\t\t\t\t\t\t<img loading=\"lazy\" decoding=\"async\" width=\"100\" height=\"100\" src=\"https:\/\/www.miravila.com\/wp-content\/uploads\/2020\/02\/uv-resistant-icon.png\" class=\"attachment-medium size-medium\" alt=\"uv-resistant-icon\" title=\"\">\t\t\t\t\t<\/div>\n\t\t\t\t<\/div>\n\t\t\t<\/div>\n\t\t\t\t<div class=\"icon-box-text last-reset\">\n\t\t\t\t\t\t<h6>Resistente ai raggi UV<\/h6>\t\t\t\r\n\r\n\r\n\t\t<\/div>\n\t<\/div>\n\t\n\t\r\n\r\n\t\t<\/div>\n\t\t\t\t\t<\/div>\n\n\t\r\n\r\n<\/div> \t\t<\/div>\n\t\t\t\t\t<\/div>\n\n\t\n<\/div>\n","protected":false},"excerpt":{"rendered":"<p>Vaso decorativo bianco, similpietra, di forma ovale con cerchio finale stretto, per arredamento interno.<\/p>\n","protected":false},"featured_media":3347,"comment_status":"closed","ping_status":"closed","template":"","meta":[],"product_brand":[],"product_cat":[509,360,282,351,356,287,280,289,358,350,281,288,357,286,355,284,353,291,285,354,349],"product_tag":[],"class_list":{"0":"post-9391","1":"product","2":"type-product","3":"status-publish","4":"has-post-thumbnail","6":"product_cat-alti","7":"product_cat-alti-vasi","8":"product_cat-esterno-fioriere","9":"product_cat-esterno-vasi","10":"product_cat-fiori-vasi","11":"product_cat-fiori-fioriere","12":"product_cat-fioriere","13":"product_cat-giardino-fioriere","14":"product_cat-giardino-vasi","15":"product_cat-interno-vasi","16":"product_cat-interno-fioriere","17":"product_cat-moderni-fioriere","18":"product_cat-moderni-vasi","19":"product_cat-piante-fioriere","20":"product_cat-piante-vasi","21":"product_cat-plastica-fioriere","22":"product_cat-plastica-vasi","23":"product_cat-portavasi","24":"product_cat-resina-fioriere","25":"product_cat-resina-vasi","26":"product_cat-vasi","27":"pa_barva-beige","28":"pa_barva-naturale","29":"pa_material-resina","30":"pa_sirina-48-it","31":"pa_sirina-52-it","32":"pa_sirina-60-it","33":"pa_uporaba-esterno","34":"pa_uporaba-interno","35":"pa_velikost-48x48x62cm-it","36":"pa_velikost-52x24x90cm-it","37":"pa_velikost-60x60x103cm-it","38":"pa_visina-103-it","39":"pa_visina-62-it","40":"pa_visina-90-it","42":"first","43":"instock","44":"sale","45":"taxable","46":"shipping-taxable","47":"purchasable","48":"product-type-variable","49":"has-default-attributes"},"_links":{"self":[{"href":"https:\/\/www.miravila.com\/it\/wp-json\/wp\/v2\/product\/9391","targetHints":{"allow":["GET"]}}],"collection":[{"href":"https:\/\/www.miravila.com\/it\/wp-json\/wp\/v2\/product"}],"about":[{"href":"https:\/\/www.miravila.com\/it\/wp-json\/wp\/v2\/types\/product"}],"replies":[{"embeddable":true,"href":"https:\/\/www.miravila.com\/it\/wp-json\/wp\/v2\/comments?post=9391"}],"wp:featuredmedia":[{"embeddable":true,"href":"https:\/\/www.miravila.com\/it\/wp-json\/wp\/v2\/media\/3347"}],"wp:attachment":[{"href":"https:\/\/www.miravila.com\/it\/wp-json\/wp\/v2\/media?parent=9391"}],"wp:term":[{"taxonomy":"product_brand","embeddable":true,"href":"https:\/\/www.miravila.com\/it\/wp-json\/wp\/v2\/product_brand?post=9391"},{"taxonomy":"product_cat","embeddable":true,"href":"https:\/\/www.miravila.com\/it\/wp-json\/wp\/v2\/product_cat?post=9391"},{"taxonomy":"product_tag","embeddable":true,"href":"https:\/\/www.miravila.com\/it\/wp-json\/wp\/v2\/product_tag?post=9391"}],"curies":[{"name":"wp","href":"https:\/\/api.w.org\/{rel}","templated":true}]}}