{"id":9808,"date":"2020-03-26T13:21:20","date_gmt":"2020-03-26T13:43:51","guid":{"rendered":"https:\/\/www.miravila.com\/product\/partner-banana\/"},"modified":"2023-02-18T16:31:27","modified_gmt":"2023-02-18T15:31:27","slug":"partner-banana","status":"publish","type":"product","link":"https:\/\/www.miravila.com\/hu\/partner-banana\/","title":{"rendered":"Kasp\u00f3 PARTNER ban\u00e1nfalev\u00e9l"},"content":{"rendered":"<div class=\"row\"  id=\"row-680672304\">\n\n\t<div id=\"col-329446891\" class=\"col medium-8 small-12 large-8\"  >\n\t\t\t\t<div class=\"col-inner\"  >\n\t\t\t\n\t\t\t\n<div class=\"accordion\">\n\t<div id=\"accordion-1911573275\" class=\"accordion-item\">\n\t\t<a id=\"accordion-1911573275-label\" class=\"accordion-title plain active\" href=\"#accordion-item-a-term\u00c9k-le\u00cdr\u00c1sa\" aria-expanded=\"true\" aria-controls=\"accordion-1911573275-content\">\n\t\t\t<button class=\"toggle\" aria-label=\"Toggle\"><i class=\"icon-angle-down\" aria-hidden=\"true\"><\/i><\/button>\n\t\t\t<span>A TERM\u00c9K LE\u00cdR\u00c1SA<\/span>\n\t\t<\/a>\n\t\t<div id=\"accordion-1911573275-content\" class=\"accordion-inner\" style=\"display: block;\" aria-labelledby=\"accordion-1911573275-label\">\n\t\t\t\n<p>Ezeket a gy\u00f6ny\u00f6r\u0171 v\u00e1z\u00e1kat k\u00e9zileg k\u00e9sz\u00edtett\u00e9k ban\u00e1nlevelekb\u0151l; ebb\u0151l az okb\u00f3l kifoly\u00f3lag minden egyes darab egyedi. A v\u00e1za alapj\u00e1t robosztus, m\u00e9gis k\u00f6nny\u0171 \u00fcvegsz\u00e1l adja. A f\u00e9nyez\u00e9s nemcsak v\u00e9delmet ny\u00fajt, hanem ragyog\u00f3v\u00e1 is teszi a vir\u00e1gtart\u00f3t.  Els\u0151sorban belt\u00e9ri haszn\u00e1latra aj\u00e1nljuk ezt a t\u00edpus\u00fa v\u00e1z\u00e1t. Amennyiben vir\u00e1got \u00fcltetne bel\u00e9, aj\u00e1nlott kiemelhet\u0151 liner bels\u0151t \u00e9s styrofoam habszivacs blokkol\u00f3t tenni bele.<\/p>\n<p>F\u00e9nyes \u00e9s k\u00fcl\u00f6nleges volt\u00e1n\u00e1l fogva ezek a ban\u00e1nlev\u00e9l v\u00e1z\u00e1k k\u00e9pesek kecsess\u00e9, egyediv\u00e9 \u00e9s vonz\u00f3v\u00e1 var\u00e1zsolni b\u00e1rmilyen helyis\u00e9get. A leveleken j\u00e1tsz\u00f3 k\u00fcl\u00f6nf\u00e9le barna \u00e1rnyalatok szinte minden sz\u00ednhez j\u00f3l passzolnak.<\/p>\n<p>Sz\u00e1mtalan m\u00f3don elrendezheti ezeket a v\u00e1z\u00e1kat az helyis\u00e9gben, csod\u00e1latos k\u00fcls\u0151t adva annak.<\/p>\n\t\t<\/div>\n\t<\/div>\n\t\n\t<div id=\"accordion-863648662\" class=\"accordion-item\">\n\t\t<a id=\"accordion-863648662-label\" class=\"accordion-title plain\" href=\"#accordion-item-anyag\" aria-expanded=\"false\" aria-controls=\"accordion-863648662-content\">\n\t\t\t<button class=\"toggle\" aria-label=\"Toggle\"><i class=\"icon-angle-down\" aria-hidden=\"true\"><\/i><\/button>\n\t\t\t<span>ANYAG<\/span>\n\t\t<\/a>\n\t\t<div id=\"accordion-863648662-content\" class=\"accordion-inner\" aria-labelledby=\"accordion-863648662-label\">\n\t\t\t\n<p>BANANA &#8211; FA<\/p>\n<p>BAN\u00c1N<\/p>\n<p>A ban\u00e1n anyag ban\u00e1nlevelekb\u0151l, ban\u00e1nrostokb\u00f3l, valamint \u00fcvegsz\u00e1lak \u00f6tv\u00f6zet\u00e9b\u0151l j\u00f6n l\u00e9tre. Ez egy igazi k\u00fcl\u00f6nlegess\u00e9g, mely garant\u00e1ltan feldob b\u00e1rmilyen otthont. Amikor a mesterek ezzel az anyaggal dolgoznak, az \u00fcvegsz\u00e1l testre val\u00f3di ban\u00e1nlev\u00e9l bor\u00edt\u00e1s ker\u00fcl, melyet azt\u00e1n gondosan felvitt lakk r\u00e9teg k\u00f6vet. Az elk\u00e9sz\u00fclt m\u0171alkot\u00e1sok \u00edgy egyr\u00e9szt f\u00e9nyesen ragyognak, m\u00e1sr\u00e9szt hossz\u00fa \u00e9let\u0171v\u00e9 v\u00e1lnak. A ban\u00e1nlev\u00e9lb\u0151l k\u00e9sz\u00fclt term\u00e9kek belt\u00e9ri haszn\u00e1latra aj\u00e1nlottak, ahol term\u00e9szetes megjelen\u00e9s\u00fck k\u00f6vetkezt\u00e9ben b\u00e1rmilyen teret eg\u00e9szen fel\u00fcd\u00edtenek. A ban\u00e1nlev\u00e9l j\u00f3t tesz a l\u00e9leknek, hiszen meleg, h\u00edvogat\u00f3, s az egzotikus vid\u00e9kek hangulat\u00e1t lopja otthon\u00e1ba \u00e9s irod\u00e1j\u00e1ba. A term\u00e9szet adta sz\u00e9ps\u00e9gek ir\u00e1nti v\u00e1gyat fejezi ki. <\/p>\n\t\t<\/div>\n\t<\/div>\n\t\n\t<div id=\"accordion-2297046526\" class=\"accordion-item\">\n\t\t<a id=\"accordion-2297046526-label\" class=\"accordion-title plain\" href=\"#accordion-item-gy.i.k.\" aria-expanded=\"false\" aria-controls=\"accordion-2297046526-content\">\n\t\t\t<button class=\"toggle\" aria-label=\"Toggle\"><i class=\"icon-angle-down\" aria-hidden=\"true\"><\/i><\/button>\n\t\t\t<span>GY.I.K.<\/span>\n\t\t<\/a>\n\t\t<div id=\"accordion-2297046526-content\" class=\"accordion-inner\" aria-labelledby=\"accordion-2297046526-label\">\n\t\t\t\n<ol>\r\n \t<li>Megtekinthetem a kasp\u00f3kat egy magyarorsz\u00e1gi \u00fczletben, vagy ki\u00e1ll\u00edt\u00f3teremben?\r\n<span style=\"color: #555555;\">Nem, a Miravila kiz\u00e1r\u00f3lag online \u00e1rul.<\/span><\/li>\r\n<\/ol>\r\n<ol start=\"2\">\r\n \t<li>Mennyi id\u0151, m\u00cdg post\u00e1zz\u00e1k a rendel\u00e9sem?\r\n<span style=\"color: #555555;\">Amennyiben a term\u00e9k k\u00e9szletr\u0151l el\u00e9rhet\u0151, a v\u00e9tel\u00e1r be\u00e9rkez\u00e9s\u00e9t k\u00f6vet\u0151 3-5 napon bel\u00fcl post\u00e1zzuk a rendel\u00e9st.<\/span><\/li>\r\n<\/ol>\r\n<ol start=\"3\">\r\n \t<li>Ki fizeti a sz\u00e1ll\u00edt\u00e1si k\u00f6lts\u00e9get?\r\n<span style=\"color: #555555;\">A sz\u00e1ll\u00edt\u00e1s minden rendel\u00e9s eset\u00e9ben ingyenes.<\/span><\/li>\r\n<\/ol>\r\n<ol start=\"4\">\r\n \t<li>Van lehet\u0151s\u00e9g visszak\u00fcldeni a term\u00e9ket?\r\n<span style=\"color: #555555;\">Igen, a rendel\u00e9si felt\u00e9teleknek megfelel\u0151en a rendel\u00e9st k\u00f6vet\u0151 30 napon bel\u00fcl vissza lehet k\u00fcldeni a term\u00e9ket. A visszasz\u00e1ll\u00edt\u00e1s k\u00f6lts\u00e9ge a vev\u0151t terheli.<\/span><\/li>\r\n<\/ol>\r\n<ol start=\"5\">\r\n \t<li>Biztons\u00e1gos az online v\u00e1s\u00e1rl\u00e1s?\r\n<span style=\"color: #555555;\">Igen, teljesen biztons\u00e1gos.<\/span><\/li>\r\n<\/ol>\r\n<ol start=\"6\">\r\n \t<li>Ha visszak\u00fcld\u00f6m a term\u00e9ket, milyen m\u00f3don kapom vissza a v\u00e9tel\u00e1rat?\r\n<span style=\"color: #555555;\">A fizet\u00e9skor haszn\u00e1lt k\u00e1rty\u00e1ra fogjuk visszak\u00fcldeni a v\u00e9tel\u00e1rat a csomag c\u00edm\u00fcnkre t\u00f6rt\u00e9n\u0151 be\u00e9rkez\u00e9s\u00e9t k\u00f6vet\u0151 15 napon bel\u00fcl.<\/span><\/li>\r\n<\/ol>\r\n<ol start=\"7\">\r\n \t<li>Van a kasp\u00f3kban automatikus \u00f6nt\u00f6z\u0151 rendszer?\r\n<span style=\"color: #555555;\">Nem, a Miravila kasp\u00f3k nem tartalmaznak automatikus \u00f6nt\u00f6z\u0151 rendszert.<\/span><\/li>\r\n<\/ol>\r\n<ol start=\"8\">\r\n \t<li>Milyen anyagb\u00f3l k\u00e9sz\u00fclnek a kasp\u00f3k?\r\n<span style=\"color: #555555;\">A Miravila kasp\u00f3k \u00e1ltal\u00e1ban \u00fcvegsz\u00e1lb\u00f3l, ker\u00e1mi\u00e1b\u00f3l vagy term\u00e9szetes anyagokb\u00f3l k\u00e9sz\u00fclnek.<\/span><\/li>\r\n<\/ol>\r\n<ol start=\"9\">\r\n \t<li>Milyen kasp\u00f3kat lehet k\u00fclt\u00e9ren haszn\u00e1lni?\r\n<span style=\"color: #555555;\">Az \u00fcvegsz\u00e1l \u00e9s ker\u00e1mia kasp\u00f3kat aj\u00e1nljuk k\u00fclt\u00e9ri haszn\u00e1latra.<\/span><\/li>\r\n<\/ol>\r\n<ol start=\"10\">\r\n \t<li>Milyen fizet\u00e9si m\u00f3dokat fogadnak el?\r\n<span style=\"color: #555555;\">Fizethet Visa, vagy Mastercard t\u00edpus\u00fa bankk\u00e1rty\u00e1val, illetve PayPal-el.<\/span><\/li>\r\n<\/ol>\n\t\t<\/div>\n\t<\/div>\n\t\n\t<div id=\"accordion-1472583092\" class=\"accordion-item\">\n\t\t<a id=\"accordion-1472583092-label\" class=\"accordion-title plain\" href=\"#accordion-item-kisz\u00c1ll\u00cdt\u00c1s\" aria-expanded=\"false\" aria-controls=\"accordion-1472583092-content\">\n\t\t\t<button class=\"toggle\" aria-label=\"Toggle\"><i class=\"icon-angle-down\" aria-hidden=\"true\"><\/i><\/button>\n\t\t\t<span>KISZ\u00c1LL\u00cdT\u00c1S<\/span>\n\t\t<\/a>\n\t\t<div id=\"accordion-1472583092-content\" class=\"accordion-inner\" aria-labelledby=\"accordion-1472583092-label\">\n\t\t\t\nKISZ\u00c1LL\u00cdT\u00c1S\r\n\r\nA kisz\u00e1ll\u00edt\u00e1s Magyarorsz\u00e1g eg\u00e9sz ter\u00fclet\u00e9n ingyenes.\r\n\r\nA sz\u00e1ll\u00edt\u00e1st a GLS, DPD vagy egy\u00e9b priv\u00e1t fut\u00e1rc\u00e9g v\u00e9gzi. A sz\u00e1ll\u00edt\u00f3 az \u00e9p\u00fclet bej\u00e1rat\u00e1ig vagy f\u00f6ldszintig viszi el a csomagot; a szolg\u00e1ltat\u00e1s nem tartalmaz kisz\u00e1ll\u00edt\u00e1st emeleti lak\u00e1sba.\r\n\r\nAmennyiben a rendelt term\u00e9k k\u00e9szletr\u0151l el\u00e9rhet\u0151, \u00e1ltal\u00e1ban rendel\u00e9st k\u00f6vet\u0151 2-3 napon bel\u00fcl post\u00e1zunk. \u00c1m ez nem 100%-ban garant\u00e1lt, \u00e9s fenntartjuk annak jog\u00e1t, hogy a post\u00e1z\u00e1s k\u00e9ssen.\r\n\r\nA csomag \u00e9rkez\u00e9s\u00e9t k\u00f6vet\u0151en javasoljuk, hogy ellen\u0151rizze a csomagol\u00e1s \u00e1llapot\u00e1t, \u00e9s gy\u0151z\u0151dj\u00f6n meg annak \u00e9ps\u00e9g\u00e9r\u0151l, miel\u0151tt al\u00e1\u00edrn\u00e1 az \u00e1tv\u00e9telr\u0151l sz\u00f3l\u00f3 dokumentumot! Amennyiben azt tapasztalja, hogy a csomagol\u00e1s bontott vagy s\u00e9r\u00fclt, err\u0151l vegyen fel jegyz\u0151k\u00f6nyvet k\u00f6zvetlen\u00fcl a fut\u00e1rral a sz\u00e1ll\u00edt\u00e1si dokument\u00e1ci\u00f3n.\n\t\t<\/div>\n\t<\/div>\n\t\n<\/div>\n\t\t<\/div>\n\t\t\t\t\t<\/div>\n\n\t\n\n\t<div id=\"col-1818575858\" class=\"col medium-4 small-12 large-4\"  >\n\t\t\t\t<div class=\"col-inner\"  >\n\t\t\t\n\t\t\t <div class=\"row ikone\"  id=\"row-1133923482\">\r\n\r\n\n\t<div id=\"col-525963090\" class=\"col medium-6 small-6 large-6\"  >\n\t\t\t\t<div class=\"col-inner\"  >\n\t\t\t\n\t\t\t\r\n\r\n\n\t\t<div class=\"icon-box featured-box icon-box-left text-left is-small\"  >\n\t\t\t\t\t<div class=\"icon-box-img\" style=\"width: 60px\">\n\t\t\t\t<div class=\"icon\">\n\t\t\t\t\t<div class=\"icon-inner\" >\n\t\t\t\t\t\t<img loading=\"lazy\" decoding=\"async\" width=\"100\" height=\"100\" src=\"https:\/\/www.miravila.com\/wp-content\/uploads\/2020\/02\/lightweight-icon.png\" class=\"attachment-medium size-medium\" alt=\"lightweight-icon\" title=\"\">\t\t\t\t\t<\/div>\n\t\t\t\t<\/div>\n\t\t\t<\/div>\n\t\t\t\t<div class=\"icon-box-text last-reset\">\n\t\t\t\t\t\t<h6>LIGHTWEIGHT<\/h6>\t\t\t\r\n\t\t<\/div>\n\t<\/div>\n\t\n\t\r\n\r\n\n\t\t<div class=\"icon-box featured-box icon-box-left text-left is-small\"  >\n\t\t\t\t\t<div class=\"icon-box-img\" style=\"width: 60px\">\n\t\t\t\t<div class=\"icon\">\n\t\t\t\t\t<div class=\"icon-inner\" >\n\t\t\t\t\t\t<img loading=\"lazy\" decoding=\"async\" width=\"100\" height=\"100\" src=\"https:\/\/www.miravila.com\/wp-content\/uploads\/2020\/02\/easy-to-clean-icon.png\" class=\"attachment-medium size-medium\" alt=\"easy-to-clean-icon\" title=\"\">\t\t\t\t\t<\/div>\n\t\t\t\t<\/div>\n\t\t\t<\/div>\n\t\t\t\t<div class=\"icon-box-text last-reset\">\n\t\t\t\t\t\t<h6>EASY TO CLEAN<\/h6>\t\t\t\r\n\t\t<\/div>\n\t<\/div>\n\t\n\t\r\n\r\n\t\t<\/div>\n\t\t\t\t\t<\/div>\n\n\t\r\n\n\t<div id=\"col-2029369821\" class=\"col medium-6 small-6 large-6\"  >\n\t\t\t\t<div class=\"col-inner\"  >\n\t\t\t\n\t\t\t\r\n\r\n\n\t\t<div class=\"icon-box featured-box icon-box-left text-left is-small\"  >\n\t\t\t\t\t<div class=\"icon-box-img\" style=\"width: 60px\">\n\t\t\t\t<div class=\"icon\">\n\t\t\t\t\t<div class=\"icon-inner\" >\n\t\t\t\t\t\t<img loading=\"lazy\" decoding=\"async\" width=\"100\" height=\"100\" src=\"https:\/\/www.miravila.com\/wp-content\/uploads\/2020\/02\/hand-made-icon.png\" class=\"attachment-medium size-medium\" alt=\"hand-made-icon\" title=\"\">\t\t\t\t\t<\/div>\n\t\t\t\t<\/div>\n\t\t\t<\/div>\n\t\t\t\t<div class=\"icon-box-text last-reset\">\n\t\t\t\t\t\t<h6>HAND MADE<\/h6>\t\t\t\r\n\t\t<\/div>\n\t<\/div>\n\t\n\t\r\n\r\n\t\t<\/div>\n\t\t\t\t\t<\/div>\n\n\t\r\n\r\n<\/div> \t\t<\/div>\n\t\t\t\t\t<\/div>\n\n\t\n<\/div>\n","protected":false},"excerpt":{"rendered":"","protected":false},"featured_media":8767,"comment_status":"closed","ping_status":"closed","template":"","meta":[],"product_brand":[],"product_cat":[1122,1116,1142,1143,1115,1157,1150,1155,1148,1149,1156,1127,1121],"product_tag":[],"class_list":{"0":"post-9808","1":"product","2":"type-product","3":"status-publish","4":"has-post-thumbnail","6":"product_cat-belteri-viraglada","7":"product_cat-belteri","8":"product_cat-fa","9":"product_cat-fa-viraglada","10":"product_cat-kaspo","11":"product_cat-modern-hu","12":"product_cat-modern","13":"product_cat-noveny-hu","14":"product_cat-noveny","15":"product_cat-virag","16":"product_cat-virag-hu","17":"product_cat-viragcserep","18":"product_cat-viraglada","19":"pa_barva-barna","20":"pa_barva-fa","21":"pa_barva-natur-hu","22":"pa_material-banana-fa","23":"pa_sirina-48-hu","24":"pa_sirina-56-hu","25":"pa_uporaba-belteri","26":"pa_velikost-48x48x60cm-hu","27":"pa_velikost-56x56x90cm-hu","28":"pa_visina-60-hu","29":"pa_visina-90-hu","31":"first","32":"outofstock","33":"taxable","34":"shipping-taxable","35":"product-type-variable","36":"has-default-attributes"},"_links":{"self":[{"href":"https:\/\/www.miravila.com\/hu\/wp-json\/wp\/v2\/product\/9808","targetHints":{"allow":["GET"]}}],"collection":[{"href":"https:\/\/www.miravila.com\/hu\/wp-json\/wp\/v2\/product"}],"about":[{"href":"https:\/\/www.miravila.com\/hu\/wp-json\/wp\/v2\/types\/product"}],"replies":[{"embeddable":true,"href":"https:\/\/www.miravila.com\/hu\/wp-json\/wp\/v2\/comments?post=9808"}],"wp:featuredmedia":[{"embeddable":true,"href":"https:\/\/www.miravila.com\/hu\/wp-json\/wp\/v2\/media\/8767"}],"wp:attachment":[{"href":"https:\/\/www.miravila.com\/hu\/wp-json\/wp\/v2\/media?parent=9808"}],"wp:term":[{"taxonomy":"product_brand","embeddable":true,"href":"https:\/\/www.miravila.com\/hu\/wp-json\/wp\/v2\/product_brand?post=9808"},{"taxonomy":"product_cat","embeddable":true,"href":"https:\/\/www.miravila.com\/hu\/wp-json\/wp\/v2\/product_cat?post=9808"},{"taxonomy":"product_tag","embeddable":true,"href":"https:\/\/www.miravila.com\/hu\/wp-json\/wp\/v2\/product_tag?post=9808"}],"curies":[{"name":"wp","href":"https:\/\/api.w.org\/{rel}","templated":true}]}}