{"id":9755,"date":"2020-03-26T13:20:56","date_gmt":"2020-03-26T13:43:32","guid":{"rendered":"https:\/\/www.miravila.com\/product\/elegant-wicker\/"},"modified":"2025-02-23T07:29:50","modified_gmt":"2025-02-23T06:29:50","slug":"elegant-wicker","status":"publish","type":"product","link":"https:\/\/www.miravila.com\/hu\/elegant-wicker\/","title":{"rendered":"Kasp\u00f3 ELEGANT bambusz, vessz\u0151fonott"},"content":{"rendered":"<div class=\"row\"  id=\"row-1790394037\">\n\n\t<div id=\"col-749685123\" class=\"col medium-8 small-12 large-8\"  >\n\t\t\t\t<div class=\"col-inner\"  >\n\t\t\t\n\t\t\t\n<div class=\"accordion\">\n\t<div id=\"accordion-115727068\" class=\"accordion-item\">\n\t\t<a id=\"accordion-115727068-label\" class=\"accordion-title plain active\" href=\"#accordion-item-a-term\u00c9k-le\u00cdr\u00c1sa\" aria-expanded=\"true\" aria-controls=\"accordion-115727068-content\">\n\t\t\t<button class=\"toggle\" aria-label=\"Toggle\"><i class=\"icon-angle-down\" aria-hidden=\"true\"><\/i><\/button>\n\t\t\t<span>A TERM\u00c9K LE\u00cdR\u00c1SA<\/span>\n\t\t<\/a>\n\t\t<div id=\"accordion-115727068-content\" class=\"accordion-inner\" style=\"display: block;\" aria-labelledby=\"accordion-115727068-label\">\n\t\t\t\n<p>Ezt az Elegant vessz\u0151fon\u00e1sos kasp\u00f3t \u00fcvegsz\u00e1lakb\u00f3l, m\u00e9hsejtekb\u0151l, f\u0171zvessz\u0151b\u0151l, hagymab\u0151rb\u0151l \u00e9s ban\u00e1nlevelekb\u0151l k\u00e9sz\u00edtett\u00e9k k\u00e9zileg. Ennek ok\u00e1n minden egyes vir\u00e1gtart\u00f3 egyedi darab. Amikor egym\u00e1s mell\u00e9 helyezik a k\u00fcl\u00f6nb\u00f6z\u0151 m\u00e9ret\u0171 kasp\u00f3kat, kifejezetten kellemes \u00e9s hivatalos \u00f6sszhat\u00e1st ny\u00fajtanak.<\/p>\n<p>Hogy l\u00e9trehozz\u00e1k ezt a st\u00edlusos diz\u00e1jn, \u00fcvegsz\u00e1lakat \u00e9s val\u00f3di m\u00e9hsejteket vagy f\u0171zfavessz\u0151ket \u00f6tv\u00f6znek. Mivel a v\u00e1z\u00e1k term\u00e9szetes anyagokb\u00f3l k\u00e9sz\u00fclnek, kisebb sz\u00ednelt\u00e9r\u00e9sek el\u0151fordulhatnak.<\/p>\n<p>Ezek a v\u00e1z\u00e1k szerfelett eleg\u00e1nsak, kecsesek \u00e9s gy\u00f6ny\u00f6r\u0171ek. Keskeny alakj\u00e1val \u00e9s puha sz\u00edn\u00e9vel k\u00e9pesek b\u00e1rmilyen bels\u0151 teret uralkod\u00f3i szintre emelni.<\/p>\n\t\t<\/div>\n\t<\/div>\n\t\n\t<div id=\"accordion-2263114543\" class=\"accordion-item\">\n\t\t<a id=\"accordion-2263114543-label\" class=\"accordion-title plain\" href=\"#accordion-item-anyag\" aria-expanded=\"false\" aria-controls=\"accordion-2263114543-content\">\n\t\t\t<button class=\"toggle\" aria-label=\"Toggle\"><i class=\"icon-angle-down\" aria-hidden=\"true\"><\/i><\/button>\n\t\t\t<span>ANYAG<\/span>\n\t\t<\/a>\n\t\t<div id=\"accordion-2263114543-content\" class=\"accordion-inner\" aria-labelledby=\"accordion-2263114543-label\">\n\t\t\t\n<p>BAMBUSZ &#8211; FA<\/p>\n<p>WICKER \/ VESSZ\u0150FONOTT<\/p>\n<p>Ez az egyik legterm\u00e9szetesebb anyag a piacon: egyszer\u0171 \u00e9s sz\u00e9p, m\u00e9gis egyedi. Term\u00e9szetes rostokb\u00f3l, m\u00e9hsejtek, f\u0171zvessz\u0151k \u00e9s hasonl\u00f3 anyagok, valamint \u00fcvegsz\u00e1laz\u00e1s kombin\u00e1ci\u00f3j\u00e1val hozz\u00e1k l\u00e9tre. A term\u00e9szetes vessz\u0151k meleg barna sz\u00edn\u00e1rnyalatai visszarep\u00edtik az embert egy egyszer\u0171bb id\u0151be, amikor m\u00e9g nem kellett nap mint nap annyi probl\u00e9m\u00e1n agyalnunk. Az er\u0151s \u00fcvegsz\u00e1lak arr\u00f3l is gondoskodnak, hogy a fonott term\u00e9k tart\u00f3s legyen, s \u00d6n sok\u00e1ig \u00e9lvezhesse azt otthon\u00e1ban. A f\u00e9nyes lakkoz\u00e1s k\u00f6vetkezt\u00e9ben bar\u00e1ts\u00e1gosan csillan meg rajta a napf\u00e9ny. Az ebb\u0151l az anyagb\u00f3l k\u00e9sz\u00fclt t\u00e1rgyakat els\u0151sorban belt\u00e9ri haszn\u00e1latra aj\u00e1nljuk: biztos lehet benne, hogy j\u00f3l fog mutatni ak\u00e1r modern \u00e9s minimalista, ak\u00e1r klasszikus bels\u0151 terekben! <\/p>\n\t\t<\/div>\n\t<\/div>\n\t\n\t<div id=\"accordion-3201449641\" class=\"accordion-item\">\n\t\t<a id=\"accordion-3201449641-label\" class=\"accordion-title plain\" href=\"#accordion-item-gy.i.k.\" aria-expanded=\"false\" aria-controls=\"accordion-3201449641-content\">\n\t\t\t<button class=\"toggle\" aria-label=\"Toggle\"><i class=\"icon-angle-down\" aria-hidden=\"true\"><\/i><\/button>\n\t\t\t<span>GY.I.K.<\/span>\n\t\t<\/a>\n\t\t<div id=\"accordion-3201449641-content\" class=\"accordion-inner\" aria-labelledby=\"accordion-3201449641-label\">\n\t\t\t\n<ol>\r\n \t<li>Megtekinthetem a kasp\u00f3kat egy magyarorsz\u00e1gi \u00fczletben, vagy ki\u00e1ll\u00edt\u00f3teremben?\r\n<span style=\"color: #555555;\">Nem, a Miravila kiz\u00e1r\u00f3lag online \u00e1rul.<\/span><\/li>\r\n<\/ol>\r\n<ol start=\"2\">\r\n \t<li>Mennyi id\u0151, m\u00cdg post\u00e1zz\u00e1k a rendel\u00e9sem?\r\n<span style=\"color: #555555;\">Amennyiben a term\u00e9k k\u00e9szletr\u0151l el\u00e9rhet\u0151, a v\u00e9tel\u00e1r be\u00e9rkez\u00e9s\u00e9t k\u00f6vet\u0151 3-5 napon bel\u00fcl post\u00e1zzuk a rendel\u00e9st.<\/span><\/li>\r\n<\/ol>\r\n<ol start=\"3\">\r\n \t<li>Ki fizeti a sz\u00e1ll\u00edt\u00e1si k\u00f6lts\u00e9get?\r\n<span style=\"color: #555555;\">A sz\u00e1ll\u00edt\u00e1s minden rendel\u00e9s eset\u00e9ben ingyenes.<\/span><\/li>\r\n<\/ol>\r\n<ol start=\"4\">\r\n \t<li>Van lehet\u0151s\u00e9g visszak\u00fcldeni a term\u00e9ket?\r\n<span style=\"color: #555555;\">Igen, a rendel\u00e9si felt\u00e9teleknek megfelel\u0151en a rendel\u00e9st k\u00f6vet\u0151 30 napon bel\u00fcl vissza lehet k\u00fcldeni a term\u00e9ket. A visszasz\u00e1ll\u00edt\u00e1s k\u00f6lts\u00e9ge a vev\u0151t terheli.<\/span><\/li>\r\n<\/ol>\r\n<ol start=\"5\">\r\n \t<li>Biztons\u00e1gos az online v\u00e1s\u00e1rl\u00e1s?\r\n<span style=\"color: #555555;\">Igen, teljesen biztons\u00e1gos.<\/span><\/li>\r\n<\/ol>\r\n<ol start=\"6\">\r\n \t<li>Ha visszak\u00fcld\u00f6m a term\u00e9ket, milyen m\u00f3don kapom vissza a v\u00e9tel\u00e1rat?\r\n<span style=\"color: #555555;\">A fizet\u00e9skor haszn\u00e1lt k\u00e1rty\u00e1ra fogjuk visszak\u00fcldeni a v\u00e9tel\u00e1rat a csomag c\u00edm\u00fcnkre t\u00f6rt\u00e9n\u0151 be\u00e9rkez\u00e9s\u00e9t k\u00f6vet\u0151 15 napon bel\u00fcl.<\/span><\/li>\r\n<\/ol>\r\n<ol start=\"7\">\r\n \t<li>Van a kasp\u00f3kban automatikus \u00f6nt\u00f6z\u0151 rendszer?\r\n<span style=\"color: #555555;\">Nem, a Miravila kasp\u00f3k nem tartalmaznak automatikus \u00f6nt\u00f6z\u0151 rendszert.<\/span><\/li>\r\n<\/ol>\r\n<ol start=\"8\">\r\n \t<li>Milyen anyagb\u00f3l k\u00e9sz\u00fclnek a kasp\u00f3k?\r\n<span style=\"color: #555555;\">A Miravila kasp\u00f3k \u00e1ltal\u00e1ban \u00fcvegsz\u00e1lb\u00f3l, ker\u00e1mi\u00e1b\u00f3l vagy term\u00e9szetes anyagokb\u00f3l k\u00e9sz\u00fclnek.<\/span><\/li>\r\n<\/ol>\r\n<ol start=\"9\">\r\n \t<li>Milyen kasp\u00f3kat lehet k\u00fclt\u00e9ren haszn\u00e1lni?\r\n<span style=\"color: #555555;\">Az \u00fcvegsz\u00e1l \u00e9s ker\u00e1mia kasp\u00f3kat aj\u00e1nljuk k\u00fclt\u00e9ri haszn\u00e1latra.<\/span><\/li>\r\n<\/ol>\r\n<ol start=\"10\">\r\n \t<li>Milyen fizet\u00e9si m\u00f3dokat fogadnak el?\r\n<span style=\"color: #555555;\">Fizethet Visa, vagy Mastercard t\u00edpus\u00fa bankk\u00e1rty\u00e1val, illetve PayPal-el.<\/span><\/li>\r\n<\/ol>\n\t\t<\/div>\n\t<\/div>\n\t\n\t<div id=\"accordion-1990729298\" class=\"accordion-item\">\n\t\t<a id=\"accordion-1990729298-label\" class=\"accordion-title plain\" href=\"#accordion-item-kisz\u00c1ll\u00cdt\u00c1s\" aria-expanded=\"false\" aria-controls=\"accordion-1990729298-content\">\n\t\t\t<button class=\"toggle\" aria-label=\"Toggle\"><i class=\"icon-angle-down\" aria-hidden=\"true\"><\/i><\/button>\n\t\t\t<span>KISZ\u00c1LL\u00cdT\u00c1S<\/span>\n\t\t<\/a>\n\t\t<div id=\"accordion-1990729298-content\" class=\"accordion-inner\" aria-labelledby=\"accordion-1990729298-label\">\n\t\t\t\nKISZ\u00c1LL\u00cdT\u00c1S\r\n\r\nA kisz\u00e1ll\u00edt\u00e1s Magyarorsz\u00e1g eg\u00e9sz ter\u00fclet\u00e9n ingyenes.\r\n\r\nA sz\u00e1ll\u00edt\u00e1st a GLS, DPD vagy egy\u00e9b priv\u00e1t fut\u00e1rc\u00e9g v\u00e9gzi. A sz\u00e1ll\u00edt\u00f3 az \u00e9p\u00fclet bej\u00e1rat\u00e1ig vagy f\u00f6ldszintig viszi el a csomagot; a szolg\u00e1ltat\u00e1s nem tartalmaz kisz\u00e1ll\u00edt\u00e1st emeleti lak\u00e1sba.\r\n\r\nAmennyiben a rendelt term\u00e9k k\u00e9szletr\u0151l el\u00e9rhet\u0151, \u00e1ltal\u00e1ban rendel\u00e9st k\u00f6vet\u0151 2-3 napon bel\u00fcl post\u00e1zunk. \u00c1m ez nem 100%-ban garant\u00e1lt, \u00e9s fenntartjuk annak jog\u00e1t, hogy a post\u00e1z\u00e1s k\u00e9ssen.\r\n\r\nA csomag \u00e9rkez\u00e9s\u00e9t k\u00f6vet\u0151en javasoljuk, hogy ellen\u0151rizze a csomagol\u00e1s \u00e1llapot\u00e1t, \u00e9s gy\u0151z\u0151dj\u00f6n meg annak \u00e9ps\u00e9g\u00e9r\u0151l, miel\u0151tt al\u00e1\u00edrn\u00e1 az \u00e1tv\u00e9telr\u0151l sz\u00f3l\u00f3 dokumentumot! Amennyiben azt tapasztalja, hogy a csomagol\u00e1s bontott vagy s\u00e9r\u00fclt, err\u0151l vegyen fel jegyz\u0151k\u00f6nyvet k\u00f6zvetlen\u00fcl a fut\u00e1rral a sz\u00e1ll\u00edt\u00e1si dokument\u00e1ci\u00f3n.\n\t\t<\/div>\n\t<\/div>\n\t\n<\/div>\n\t\t<\/div>\n\t\t\t\t\t<\/div>\n\n\t\n\n\t<div id=\"col-502773661\" class=\"col medium-4 small-12 large-4\"  >\n\t\t\t\t<div class=\"col-inner\"  >\n\t\t\t\n\t\t\t <div class=\"row ikone\"  id=\"row-1095841585\">\r\n\r\n\n\t<div id=\"col-925216429\" class=\"col medium-6 small-6 large-6\"  >\n\t\t\t\t<div class=\"col-inner\"  >\n\t\t\t\n\t\t\t\r\n\r\n\n\t\t<div class=\"icon-box featured-box icon-box-left text-left is-small\"  >\n\t\t\t\t\t<div class=\"icon-box-img\" style=\"width: 60px\">\n\t\t\t\t<div class=\"icon\">\n\t\t\t\t\t<div class=\"icon-inner\" >\n\t\t\t\t\t\t<img loading=\"lazy\" decoding=\"async\" width=\"100\" height=\"100\" src=\"https:\/\/www.miravila.com\/wp-content\/uploads\/2020\/02\/lightweight-icon.png\" class=\"attachment-medium size-medium\" alt=\"lightweight-icon\" title=\"\">\t\t\t\t\t<\/div>\n\t\t\t\t<\/div>\n\t\t\t<\/div>\n\t\t\t\t<div class=\"icon-box-text last-reset\">\n\t\t\t\t\t\t<h6>LIGHTWEIGHT<\/h6>\t\t\t\r\n\t\t<\/div>\n\t<\/div>\n\t\n\t\r\n\r\n\n\t\t<div class=\"icon-box featured-box icon-box-left text-left is-small\"  >\n\t\t\t\t\t<div class=\"icon-box-img\" style=\"width: 60px\">\n\t\t\t\t<div class=\"icon\">\n\t\t\t\t\t<div class=\"icon-inner\" >\n\t\t\t\t\t\t<img loading=\"lazy\" decoding=\"async\" width=\"100\" height=\"100\" src=\"https:\/\/www.miravila.com\/wp-content\/uploads\/2020\/02\/easy-to-clean-icon.png\" class=\"attachment-medium size-medium\" alt=\"easy-to-clean-icon\" title=\"\">\t\t\t\t\t<\/div>\n\t\t\t\t<\/div>\n\t\t\t<\/div>\n\t\t\t\t<div class=\"icon-box-text last-reset\">\n\t\t\t\t\t\t<h6>EASY TO CLEAN<\/h6>\t\t\t\r\n\t\t<\/div>\n\t<\/div>\n\t\n\t\r\n\r\n\t\t<\/div>\n\t\t\t\t\t<\/div>\n\n\t\r\n\n\t<div id=\"col-1998091211\" class=\"col medium-6 small-6 large-6\"  >\n\t\t\t\t<div class=\"col-inner\"  >\n\t\t\t\n\t\t\t\r\n\r\n\n\t\t<div class=\"icon-box featured-box icon-box-left text-left is-small\"  >\n\t\t\t\t\t<div class=\"icon-box-img\" style=\"width: 60px\">\n\t\t\t\t<div class=\"icon\">\n\t\t\t\t\t<div class=\"icon-inner\" >\n\t\t\t\t\t\t<img loading=\"lazy\" decoding=\"async\" width=\"100\" height=\"100\" src=\"https:\/\/www.miravila.com\/wp-content\/uploads\/2020\/02\/hand-made-icon.png\" class=\"attachment-medium size-medium\" alt=\"hand-made-icon\" title=\"\">\t\t\t\t\t<\/div>\n\t\t\t\t<\/div>\n\t\t\t<\/div>\n\t\t\t\t<div class=\"icon-box-text last-reset\">\n\t\t\t\t\t\t<h6>HAND MADE<\/h6>\t\t\t\r\n\t\t<\/div>\n\t<\/div>\n\t\n\t\r\n\r\n\t\t<\/div>\n\t\t\t\t\t<\/div>\n\n\t\r\n\r\n<\/div> \t\t<\/div>\n\t\t\t\t\t<\/div>\n\n\t\n<\/div>\n","protected":false},"excerpt":{"rendered":"","protected":false},"featured_media":8685,"comment_status":"closed","ping_status":"closed","template":"","meta":[],"product_brand":[],"product_cat":[1116,1122,1142,1143,1115,1159,1152,1157,1150,1155,1148,1156,1149,1127,1121],"product_tag":[],"class_list":{"0":"post-9755","1":"product","2":"type-product","3":"status-publish","4":"has-post-thumbnail","6":"product_cat-belteri","7":"product_cat-belteri-viraglada","8":"product_cat-fa","9":"product_cat-fa-viraglada","10":"product_cat-kaspo","11":"product_cat-magas-hu","12":"product_cat-magas","13":"product_cat-modern-hu","14":"product_cat-modern","15":"product_cat-noveny-hu","16":"product_cat-noveny","17":"product_cat-virag-hu","18":"product_cat-virag","19":"product_cat-viragcserep","20":"product_cat-viraglada","21":"pa_barva-barna","22":"pa_barva-bezs","23":"pa_barva-fa","24":"pa_barva-natur-hu","25":"pa_material-vesszofonott","26":"pa_sirina-26-hu","27":"pa_sirina-30-hu","28":"pa_sirina-31-hu","29":"pa_sirina-36-hu","30":"pa_uporaba-belteri","31":"pa_velikost-26x26x60cm-hu","32":"pa_velikost-30x30x75cm-hu","33":"pa_velikost-31x31x90cm-hu","34":"pa_velikost-36x36x100cm-hu","35":"pa_visina-100-hu","36":"pa_visina-60-hu","37":"pa_visina-75-hu","38":"pa_visina-90-hu","40":"first","41":"instock","42":"sale","43":"taxable","44":"shipping-taxable","45":"purchasable","46":"product-type-variable","47":"has-default-attributes"},"_links":{"self":[{"href":"https:\/\/www.miravila.com\/hu\/wp-json\/wp\/v2\/product\/9755","targetHints":{"allow":["GET"]}}],"collection":[{"href":"https:\/\/www.miravila.com\/hu\/wp-json\/wp\/v2\/product"}],"about":[{"href":"https:\/\/www.miravila.com\/hu\/wp-json\/wp\/v2\/types\/product"}],"replies":[{"embeddable":true,"href":"https:\/\/www.miravila.com\/hu\/wp-json\/wp\/v2\/comments?post=9755"}],"wp:featuredmedia":[{"embeddable":true,"href":"https:\/\/www.miravila.com\/hu\/wp-json\/wp\/v2\/media\/8685"}],"wp:attachment":[{"href":"https:\/\/www.miravila.com\/hu\/wp-json\/wp\/v2\/media?parent=9755"}],"wp:term":[{"taxonomy":"product_brand","embeddable":true,"href":"https:\/\/www.miravila.com\/hu\/wp-json\/wp\/v2\/product_brand?post=9755"},{"taxonomy":"product_cat","embeddable":true,"href":"https:\/\/www.miravila.com\/hu\/wp-json\/wp\/v2\/product_cat?post=9755"},{"taxonomy":"product_tag","embeddable":true,"href":"https:\/\/www.miravila.com\/hu\/wp-json\/wp\/v2\/product_tag?post=9755"}],"curies":[{"name":"wp","href":"https:\/\/api.w.org\/{rel}","templated":true}]}}